{"id":2989,"date":"2021-01-14T18:35:29","date_gmt":"2021-01-14T17:35:29","guid":{"rendered":"https:\/\/www.seehotel-ichlim.de\/kulinarik\/"},"modified":"2021-06-07T14:19:19","modified_gmt":"2021-06-07T12:19:19","slug":"culinary","status":"publish","type":"page","link":"https:\/\/www.seehotel-ichlim.de\/en\/culinary\/","title":{"rendered":"Culinary"},"content":{"rendered":"<div id='full_slider_1'  class='avia-fullwidth-slider main_color avia-shadow   avia-builder-el-0  el_before_av_heading  avia-builder-el-first   container_wrap fullsize'  >\n<style type=\"text\/css\" data-created_by=\"avia_inline_auto\" id=\"style-css-av-jiish9h0-454e8c32f8d86b77f79735f804a65ab4\">\n#top #wrap_all .avia-slideshow .av-slideshow-caption.av-jiish9h0-454e8c32f8d86b77f79735f804a65ab4__0 .avia-caption-title{\ncolor:#212121;\n}\n<\/style>\n<div  class='avia-slideshow av-jiish9h0-454e8c32f8d86b77f79735f804a65ab4 avia-slideshow-no scaling av_slideshow_full avia-slide-slider av-slideshow-ui av-control-default av-slideshow-autoplay av-loop-endless av-loop-manual-endless av-default-height-applied   avia-slideshow-1' data-slideshow-options=\"{&quot;animation&quot;:&quot;slide&quot;,&quot;autoplay&quot;:true,&quot;loop_autoplay&quot;:&quot;endless&quot;,&quot;interval&quot;:5,&quot;loop_manual&quot;:&quot;manual-endless&quot;,&quot;autoplay_stopper&quot;:false,&quot;noNavigation&quot;:false,&quot;bg_slider&quot;:false,&quot;keep_padding&quot;:false,&quot;hoverpause&quot;:false,&quot;show_slide_delay&quot;:0}\"  itemprop=\"image\" itemscope=\"itemscope\" itemtype=\"https:\/\/schema.org\/ImageObject\" ><ul class='avia-slideshow-inner ' style='padding-bottom: 42.857142857143%;'><li  class='avia-slideshow-slide av-jiish9h0-454e8c32f8d86b77f79735f804a65ab4__0  slide-1 slide-odd'><div data-rel='slideshow-1' class='avia-slide-wrap '   ><div class='av-slideshow-caption av-jiish9h0-454e8c32f8d86b77f79735f804a65ab4__0 caption_fullwidth caption_bottom'><div class=\"container caption_container\"><div class=\"slideshow_caption\"><div class=\"slideshow_inner_caption\"><div class=\"slideshow_align_caption\"><h2 class='avia-caption-title '  itemprop=\"name\" >Welcome and take a seat.<\/h2><\/div><\/div><\/div><\/div><\/div><img decoding=\"async\" fetchpriority=\"high\" class=\"wp-image-2791 avia-img-lazy-loading-not-2791\" src=\"https:\/\/www.seehotel-ichlim.de\/wp-content\/uploads\/2018\/07\/seehotel_ichlim_kulinarik02.jpg\" width=\"1400\" height=\"600\" title=\"seehotel_ichlim_kulinarik02\" alt=\"\" itemprop=\"thumbnailUrl\" srcset=\"https:\/\/www.seehotel-ichlim.de\/wp-content\/uploads\/2018\/07\/seehotel_ichlim_kulinarik02.jpg 1400w, https:\/\/www.seehotel-ichlim.de\/wp-content\/uploads\/2018\/07\/seehotel_ichlim_kulinarik02-300x129.jpg 300w, https:\/\/www.seehotel-ichlim.de\/wp-content\/uploads\/2018\/07\/seehotel_ichlim_kulinarik02-768x329.jpg 768w, https:\/\/www.seehotel-ichlim.de\/wp-content\/uploads\/2018\/07\/seehotel_ichlim_kulinarik02-1030x441.jpg 1030w, https:\/\/www.seehotel-ichlim.de\/wp-content\/uploads\/2018\/07\/seehotel_ichlim_kulinarik02-705x302.jpg 705w, https:\/\/www.seehotel-ichlim.de\/wp-content\/uploads\/2018\/07\/seehotel_ichlim_kulinarik02-450x193.jpg 450w\" sizes=\"(max-width: 1400px) 100vw, 1400px\"><\/div><\/li><li  class='avia-slideshow-slide av-jiish9h0-454e8c32f8d86b77f79735f804a65ab4__1  slide-2 slide-even'><div data-rel='slideshow-1' class='avia-slide-wrap '   ><img decoding=\"async\" fetchpriority=\"high\" class=\"wp-image-2903 avia-img-lazy-loading-not-2903\" src=\"https:\/\/www.seehotel-ichlim.de\/wp-content\/uploads\/2019\/01\/NORDSEETU\u0308FFEL-007_header.jpg\" width=\"1400\" height=\"601\" title=\"NORDSEETU\u0308FFEL 007_header\" alt=\"\" itemprop=\"thumbnailUrl\" srcset=\"https:\/\/www.seehotel-ichlim.de\/wp-content\/uploads\/2019\/01\/NORDSEETU\u0308FFEL-007_header.jpg 1400w, https:\/\/www.seehotel-ichlim.de\/wp-content\/uploads\/2019\/01\/NORDSEETU\u0308FFEL-007_header-300x129.jpg 300w, https:\/\/www.seehotel-ichlim.de\/wp-content\/uploads\/2019\/01\/NORDSEETU\u0308FFEL-007_header-768x330.jpg 768w, https:\/\/www.seehotel-ichlim.de\/wp-content\/uploads\/2019\/01\/NORDSEETU\u0308FFEL-007_header-1030x442.jpg 1030w, https:\/\/www.seehotel-ichlim.de\/wp-content\/uploads\/2019\/01\/NORDSEETU\u0308FFEL-007_header-705x303.jpg 705w, https:\/\/www.seehotel-ichlim.de\/wp-content\/uploads\/2019\/01\/NORDSEETU\u0308FFEL-007_header-450x193.jpg 450w\" sizes=\"(max-width: 1400px) 100vw, 1400px\"><\/div><\/li><li  class='avia-slideshow-slide av-jiish9h0-454e8c32f8d86b77f79735f804a65ab4__2  slide-3 slide-odd'><div data-rel='slideshow-1' class='avia-slide-wrap '   ><div class='av-slideshow-caption av-jiish9h0-454e8c32f8d86b77f79735f804a65ab4__2 caption_fullwidth caption_bottom'><div class=\"container caption_container\"><div class=\"slideshow_caption\"><div class=\"slideshow_inner_caption\"><div class=\"slideshow_align_caption\"><h2 class='avia-caption-title '  itemprop=\"name\" >Enjoy a cross regional cusine from Mecklenburg and Brandenburg.<\/h2><\/div><\/div><\/div><\/div><\/div><img decoding=\"async\" fetchpriority=\"high\" class=\"wp-image-2905 avia-img-lazy-loading-not-2905\" src=\"https:\/\/www.seehotel-ichlim.de\/wp-content\/uploads\/2019\/01\/HEIDELBEERKRAPFEN-005_header.jpg\" width=\"1400\" height=\"602\" title=\"HEIDELBEERKRAPFEN 005_header\" alt=\"\" itemprop=\"thumbnailUrl\" srcset=\"https:\/\/www.seehotel-ichlim.de\/wp-content\/uploads\/2019\/01\/HEIDELBEERKRAPFEN-005_header.jpg 1400w, https:\/\/www.seehotel-ichlim.de\/wp-content\/uploads\/2019\/01\/HEIDELBEERKRAPFEN-005_header-300x129.jpg 300w, https:\/\/www.seehotel-ichlim.de\/wp-content\/uploads\/2019\/01\/HEIDELBEERKRAPFEN-005_header-768x330.jpg 768w, https:\/\/www.seehotel-ichlim.de\/wp-content\/uploads\/2019\/01\/HEIDELBEERKRAPFEN-005_header-1030x443.jpg 1030w, https:\/\/www.seehotel-ichlim.de\/wp-content\/uploads\/2019\/01\/HEIDELBEERKRAPFEN-005_header-705x303.jpg 705w, https:\/\/www.seehotel-ichlim.de\/wp-content\/uploads\/2019\/01\/HEIDELBEERKRAPFEN-005_header-450x194.jpg 450w\" sizes=\"(max-width: 1400px) 100vw, 1400px\"><\/div><\/li><li  class='avia-slideshow-slide av-jiish9h0-454e8c32f8d86b77f79735f804a65ab4__3  slide-4 slide-even'><div data-rel='slideshow-1' class='avia-slide-wrap '   ><img decoding=\"async\" fetchpriority=\"high\" class=\"wp-image-2904 avia-img-lazy-loading-not-2904\" src=\"https:\/\/www.seehotel-ichlim.de\/wp-content\/uploads\/2019\/01\/KA\u0308SEPLATTE-011_header.jpg\" width=\"1400\" height=\"601\" title=\"KA\u0308SEPLATTE 011_header\" alt=\"\" itemprop=\"thumbnailUrl\" srcset=\"https:\/\/www.seehotel-ichlim.de\/wp-content\/uploads\/2019\/01\/KA\u0308SEPLATTE-011_header.jpg 1400w, https:\/\/www.seehotel-ichlim.de\/wp-content\/uploads\/2019\/01\/KA\u0308SEPLATTE-011_header-300x129.jpg 300w, https:\/\/www.seehotel-ichlim.de\/wp-content\/uploads\/2019\/01\/KA\u0308SEPLATTE-011_header-768x330.jpg 768w, https:\/\/www.seehotel-ichlim.de\/wp-content\/uploads\/2019\/01\/KA\u0308SEPLATTE-011_header-1030x442.jpg 1030w, https:\/\/www.seehotel-ichlim.de\/wp-content\/uploads\/2019\/01\/KA\u0308SEPLATTE-011_header-705x303.jpg 705w, https:\/\/www.seehotel-ichlim.de\/wp-content\/uploads\/2019\/01\/KA\u0308SEPLATTE-011_header-450x193.jpg 450w\" sizes=\"(max-width: 1400px) 100vw, 1400px\"><\/div><\/li><\/ul><div class='avia-slideshow-arrows avia-slideshow-controls' ><a href='#prev' class='prev-slide  avia-svg-icon avia-font-svg_entypo-fontello' data-av_svg_icon='left-open-big' data-av_iconset='svg_entypo-fontello' tabindex='-1' title=\"Previous\"><svg version=\"1.1\" xmlns=\"http:\/\/www.w3.org\/2000\/svg\" width=\"15\" height=\"32\" viewBox=\"0 0 15 32\" preserveAspectRatio=\"xMidYMid meet\" aria-labelledby='av-svg-title-1' aria-describedby='av-svg-desc-1' role=\"graphics-symbol\" aria-hidden=\"true\">\n<title id='av-svg-title-1'>Previous<\/title>\n<desc id='av-svg-desc-1'>Previous<\/desc>\n<path d=\"M14.464 27.84q0.832 0.832 0 1.536-0.832 0.832-1.536 0l-12.544-12.608q-0.768-0.768 0-1.6l12.544-12.608q0.704-0.832 1.536 0 0.832 0.704 0 1.536l-11.456 11.904z\"><\/path>\n<\/svg><span class='avia_hidden_link_text'>Previous<\/span><\/a><a href='#next' class='next-slide  avia-svg-icon avia-font-svg_entypo-fontello' data-av_svg_icon='right-open-big' data-av_iconset='svg_entypo-fontello' tabindex='-1' title=\"Next\"><svg version=\"1.1\" xmlns=\"http:\/\/www.w3.org\/2000\/svg\" width=\"15\" height=\"32\" viewBox=\"0 0 15 32\" preserveAspectRatio=\"xMidYMid meet\" aria-labelledby='av-svg-title-2' aria-describedby='av-svg-desc-2' role=\"graphics-symbol\" aria-hidden=\"true\">\n<title id='av-svg-title-2'>Next<\/title>\n<desc id='av-svg-desc-2'>Next<\/desc>\n<path d=\"M0.416 27.84l11.456-11.84-11.456-11.904q-0.832-0.832 0-1.536 0.832-0.832 1.536 0l12.544 12.608q0.768 0.832 0 1.6l-12.544 12.608q-0.704 0.832-1.536 0-0.832-0.704 0-1.536z\"><\/path>\n<\/svg><span class='avia_hidden_link_text'>Next<\/span><\/a><\/div><div class='avia-slideshow-dots avia-slideshow-controls'><a href='#1' class='goto-slide active' >1<\/a><a href='#2' class='goto-slide ' >2<\/a><a href='#3' class='goto-slide ' >3<\/a><a href='#4' class='goto-slide ' >4<\/a><\/div><\/div><\/div><div id='after_full_slider_1'  class='main_color av_default_container_wrap container_wrap fullsize'  ><div class='container av-section-cont-open' ><div class='template-page content  av-content-full alpha units'><div class='post-entry post-entry-type-page post-entry-2989'><div class='entry-content-wrapper clearfix'>\n\n<style type=\"text\/css\" data-created_by=\"avia_inline_auto\" id=\"style-css-av-3247y-20ad2be0e967edd480b6440238a18795\">\n#top .av-special-heading.av-3247y-20ad2be0e967edd480b6440238a18795{\npadding-bottom:10px;\nfont-size:28px;\n}\nbody .av-special-heading.av-3247y-20ad2be0e967edd480b6440238a18795 .av-special-heading-tag .heading-char{\nfont-size:25px;\n}\n#top #wrap_all .av-special-heading.av-3247y-20ad2be0e967edd480b6440238a18795 .av-special-heading-tag{\nfont-size:28px;\n}\n.av-special-heading.av-3247y-20ad2be0e967edd480b6440238a18795 .av-subheading{\nfont-size:15px;\n}\n\n@media only screen and (min-width: 480px) and (max-width: 767px){ \n#top #wrap_all .av-special-heading.av-3247y-20ad2be0e967edd480b6440238a18795 .av-special-heading-tag{\nfont-size:0.8em;\n}\n}\n\n@media only screen and (max-width: 479px){ \n#top #wrap_all .av-special-heading.av-3247y-20ad2be0e967edd480b6440238a18795 .av-special-heading-tag{\nfont-size:0.8em;\n}\n}\n<\/style>\n<div  class='av-special-heading av-3247y-20ad2be0e967edd480b6440238a18795 av-special-heading-h1 blockquote modern-quote modern-centered  avia-builder-el-1  el_after_av_slideshow_full  el_before_av_three_fifth  avia-builder-el-first  av-inherit-size'><h1 class='av-special-heading-tag '  itemprop=\"headline\"  >Mecklenburg-Brandenburg cuisine combines the joy of experimentation, regional classic and seasonal dishes from the region.<\/h1><div class=\"special-heading-border\"><div class=\"special-heading-inner-border\"><\/div><\/div><\/div>\n\n<style type=\"text\/css\" data-created_by=\"avia_inline_auto\" id=\"style-css-av-1bkzi-135fbfb503de8ee84d65d2f490a5cddb\">\n.flex_column.av-1bkzi-135fbfb503de8ee84d65d2f490a5cddb{\nborder-radius:0px 0px 0px 0px;\npadding:0px 0px 0px 0px;\n}\n<\/style>\n<div  class='flex_column av-1bkzi-135fbfb503de8ee84d65d2f490a5cddb av_three_fifth  avia-builder-el-2  el_after_av_heading  el_before_av_two_fifth  first flex_column_div av-zero-column-padding  '     ><section  class='av_textblock_section av-jjya6g2u-d640f926de5d6b6b3248ed4d7bbe8ef8 '   itemscope=\"itemscope\" itemtype=\"https:\/\/schema.org\/CreativeWork\" ><div class='avia_textblock'  itemprop=\"text\" ><p>Take a seat in our panorama restaurant, Caf\u00e9 Bar or at one of our sun terraces with direct view to the lake <em>Nebelsee <\/em>and let your eyes wander across the Nebelsee.<\/p>\n<p>Our restaurant is open all year round and serves culinary delights every day from 12 noon &#8211; 8.30 p.m.. From lightly fried pikeperch, over traditional soup &#8220;Soljanka&#8221;, to a typical stew of Mecklenburg &#8211; the chef cook &amp; its team offer varied regional dishes and refined classics.<\/p>\n<p>In the morning we offer our house guests &amp; spontaneous breakfast guests a rich breakfast buffet. For your convenience during your stay in our Seehotel Ichlim you can add half-board to your bookings or select already before one of our special culinary\u00a0<em>Arrangements<\/em>\u00a0with either half- or full-board.<\/p>\n<\/div><\/section><\/div>\n<style type=\"text\/css\" data-created_by=\"avia_inline_auto\" id=\"style-css-av-wphq-12efcb12c757968b768b8f9edc0e051b\">\n.flex_column.av-wphq-12efcb12c757968b768b8f9edc0e051b{\nborder-radius:0px 0px 0px 0px;\npadding:0px 0px 0px 0px;\n}\n<\/style>\n<div  class='flex_column av-wphq-12efcb12c757968b768b8f9edc0e051b av_two_fifth  avia-builder-el-4  el_after_av_three_fifth  el_before_av_section  avia-builder-el-last  flex_column_div av-zero-column-padding  '     ><p>\n<style type=\"text\/css\" data-created_by=\"avia_inline_auto\" id=\"style-css-av-jjyasq5g-9e5fb7e02541c120d1802b45d8af7b76\">\n#top .hr.hr-invisible.av-jjyasq5g-9e5fb7e02541c120d1802b45d8af7b76{\nheight:30px;\n}\n<\/style>\n<div  class='hr av-jjyasq5g-9e5fb7e02541c120d1802b45d8af7b76 hr-invisible  avia-builder-el-5  el_before_av_gallery  avia-builder-el-first '><span class='hr-inner '><span class=\"hr-inner-style\"><\/span><\/span><\/div><br \/>\n\n<style type=\"text\/css\" data-created_by=\"avia_inline_auto\" id=\"style-css-av-jjyaivv2-72de63a536da076926aa5bf0a000193c\">\n#top .avia-gallery.av-jjyaivv2-72de63a536da076926aa5bf0a000193c .avia-gallery-thumb a{\nwidth:50%;\n}\n<\/style>\n<div  class='avia-gallery av-jjyaivv2-72de63a536da076926aa5bf0a000193c avia_animate_when_visible  avia-builder-el-6  el_after_av_hr  el_before_av_hr  deactivate_avia_lazyload avia-gallery-animate avia-gallery-1'  itemprop=\"image\" itemscope=\"itemscope\" itemtype=\"https:\/\/schema.org\/ImageObject\" ><meta itemprop=\"contentURL\" content=\"https:\/\/www.seehotel-ichlim.de\/en\/culinary\/\"><div class='avia-gallery-thumb'><a href=\"https:\/\/www.seehotel-ichlim.de\/wp-content\/uploads\/2018\/07\/seehotel_ichlim_restaurant04-1030x688.jpg\" data-srcset=\"https:\/\/www.seehotel-ichlim.de\/wp-content\/uploads\/2018\/07\/seehotel_ichlim_restaurant04-1030x688.jpg 1030w, https:\/\/www.seehotel-ichlim.de\/wp-content\/uploads\/2018\/07\/seehotel_ichlim_restaurant04-300x200.jpg 300w, https:\/\/www.seehotel-ichlim.de\/wp-content\/uploads\/2018\/07\/seehotel_ichlim_restaurant04-768x513.jpg 768w, https:\/\/www.seehotel-ichlim.de\/wp-content\/uploads\/2018\/07\/seehotel_ichlim_restaurant04-705x471.jpg 705w, https:\/\/www.seehotel-ichlim.de\/wp-content\/uploads\/2018\/07\/seehotel_ichlim_restaurant04-450x300.jpg 450w, https:\/\/www.seehotel-ichlim.de\/wp-content\/uploads\/2018\/07\/seehotel_ichlim_restaurant04.jpg 1200w\" data-sizes=\"(max-width: 1030px) 100vw, 1030px\" data-rel='gallery-1' data-prev-img='https:\/\/www.seehotel-ichlim.de\/wp-content\/uploads\/2018\/07\/seehotel_ichlim_restaurant04-495x400.jpg' class='first_thumb lightbox ' data-onclick='1' title='seehotel_ichlim_restaurant04'  itemprop=\"thumbnailUrl\"  ><img decoding=\"async\" fetchpriority=\"high\" class=\"wp-image-2790 avia-img-lazy-loading-not-2790\" src=\"https:\/\/www.seehotel-ichlim.de\/wp-content\/uploads\/2018\/07\/seehotel_ichlim_restaurant04-300x200.jpg\" width=\"300\" height=\"200\" title=\"seehotel_ichlim_restaurant04\" alt=\"\" srcset=\"https:\/\/www.seehotel-ichlim.de\/wp-content\/uploads\/2018\/07\/seehotel_ichlim_restaurant04-300x200.jpg 300w, https:\/\/www.seehotel-ichlim.de\/wp-content\/uploads\/2018\/07\/seehotel_ichlim_restaurant04-768x513.jpg 768w, https:\/\/www.seehotel-ichlim.de\/wp-content\/uploads\/2018\/07\/seehotel_ichlim_restaurant04-1030x688.jpg 1030w, https:\/\/www.seehotel-ichlim.de\/wp-content\/uploads\/2018\/07\/seehotel_ichlim_restaurant04-705x471.jpg 705w, https:\/\/www.seehotel-ichlim.de\/wp-content\/uploads\/2018\/07\/seehotel_ichlim_restaurant04-450x300.jpg 450w, https:\/\/www.seehotel-ichlim.de\/wp-content\/uploads\/2018\/07\/seehotel_ichlim_restaurant04.jpg 1200w\" sizes=\"(max-width: 300px) 100vw, 300px\"><div class='big-prev-fake'><img decoding=\"async\" loading=\"lazy\" class=\"wp-image-2790 avia-img-lazy-loading-2790\" width=\"495\" height=\"400\" src=\"https:\/\/www.seehotel-ichlim.de\/wp-content\/uploads\/2018\/07\/seehotel_ichlim_restaurant04-495x400.jpg\" title=\"seehotel_ichlim_restaurant04\" alt=\"\" srcset=\"https:\/\/www.seehotel-ichlim.de\/wp-content\/uploads\/2018\/07\/seehotel_ichlim_restaurant04-495x400.jpg 495w, https:\/\/www.seehotel-ichlim.de\/wp-content\/uploads\/2018\/07\/seehotel_ichlim_restaurant04-845x684.jpg 845w\" sizes=\"auto, (max-width: 495px) 100vw, 495px\"><\/div><\/a><a href=\"https:\/\/www.seehotel-ichlim.de\/wp-content\/uploads\/2018\/07\/seehotel_ichlim_restaurant03-1030x687.jpg\" data-srcset=\"https:\/\/www.seehotel-ichlim.de\/wp-content\/uploads\/2018\/07\/seehotel_ichlim_restaurant03-1030x687.jpg 1030w, https:\/\/www.seehotel-ichlim.de\/wp-content\/uploads\/2018\/07\/seehotel_ichlim_restaurant03-300x200.jpg 300w, https:\/\/www.seehotel-ichlim.de\/wp-content\/uploads\/2018\/07\/seehotel_ichlim_restaurant03-768x512.jpg 768w, https:\/\/www.seehotel-ichlim.de\/wp-content\/uploads\/2018\/07\/seehotel_ichlim_restaurant03-705x470.jpg 705w, https:\/\/www.seehotel-ichlim.de\/wp-content\/uploads\/2018\/07\/seehotel_ichlim_restaurant03-450x300.jpg 450w, https:\/\/www.seehotel-ichlim.de\/wp-content\/uploads\/2018\/07\/seehotel_ichlim_restaurant03.jpg 1200w\" data-sizes=\"(max-width: 1030px) 100vw, 1030px\" data-rel='gallery-1' data-prev-img='https:\/\/www.seehotel-ichlim.de\/wp-content\/uploads\/2018\/07\/seehotel_ichlim_restaurant03-495x400.jpg' class='lightbox ' data-onclick='2' title='seehotel_ichlim_restaurant03'  itemprop=\"thumbnailUrl\"  ><img decoding=\"async\" fetchpriority=\"high\" class=\"wp-image-2789 avia-img-lazy-loading-not-2789\" src=\"https:\/\/www.seehotel-ichlim.de\/wp-content\/uploads\/2018\/07\/seehotel_ichlim_restaurant03-300x200.jpg\" width=\"300\" height=\"200\" title=\"seehotel_ichlim_restaurant03\" alt=\"\" srcset=\"https:\/\/www.seehotel-ichlim.de\/wp-content\/uploads\/2018\/07\/seehotel_ichlim_restaurant03-300x200.jpg 300w, https:\/\/www.seehotel-ichlim.de\/wp-content\/uploads\/2018\/07\/seehotel_ichlim_restaurant03-768x512.jpg 768w, https:\/\/www.seehotel-ichlim.de\/wp-content\/uploads\/2018\/07\/seehotel_ichlim_restaurant03-1030x687.jpg 1030w, https:\/\/www.seehotel-ichlim.de\/wp-content\/uploads\/2018\/07\/seehotel_ichlim_restaurant03-705x470.jpg 705w, https:\/\/www.seehotel-ichlim.de\/wp-content\/uploads\/2018\/07\/seehotel_ichlim_restaurant03-450x300.jpg 450w, https:\/\/www.seehotel-ichlim.de\/wp-content\/uploads\/2018\/07\/seehotel_ichlim_restaurant03.jpg 1200w\" sizes=\"(max-width: 300px) 100vw, 300px\"><div class='big-prev-fake'><img decoding=\"async\" loading=\"lazy\" class=\"wp-image-2789 avia-img-lazy-loading-2789\" width=\"495\" height=\"400\" src=\"https:\/\/www.seehotel-ichlim.de\/wp-content\/uploads\/2018\/07\/seehotel_ichlim_restaurant03-495x400.jpg\" title=\"seehotel_ichlim_restaurant03\" alt=\"\" srcset=\"https:\/\/www.seehotel-ichlim.de\/wp-content\/uploads\/2018\/07\/seehotel_ichlim_restaurant03-495x400.jpg 495w, https:\/\/www.seehotel-ichlim.de\/wp-content\/uploads\/2018\/07\/seehotel_ichlim_restaurant03-845x684.jpg 845w\" sizes=\"auto, (max-width: 495px) 100vw, 495px\"><\/div><\/a><a href=\"https:\/\/www.seehotel-ichlim.de\/wp-content\/uploads\/2018\/07\/seehotel_ichlim_restaurant01-1030x688.jpg\" data-srcset=\"https:\/\/www.seehotel-ichlim.de\/wp-content\/uploads\/2018\/07\/seehotel_ichlim_restaurant01-1030x688.jpg 1030w, https:\/\/www.seehotel-ichlim.de\/wp-content\/uploads\/2018\/07\/seehotel_ichlim_restaurant01-300x200.jpg 300w, https:\/\/www.seehotel-ichlim.de\/wp-content\/uploads\/2018\/07\/seehotel_ichlim_restaurant01-768x513.jpg 768w, https:\/\/www.seehotel-ichlim.de\/wp-content\/uploads\/2018\/07\/seehotel_ichlim_restaurant01-705x471.jpg 705w, https:\/\/www.seehotel-ichlim.de\/wp-content\/uploads\/2018\/07\/seehotel_ichlim_restaurant01-450x300.jpg 450w, https:\/\/www.seehotel-ichlim.de\/wp-content\/uploads\/2018\/07\/seehotel_ichlim_restaurant01.jpg 1200w\" data-sizes=\"(max-width: 1030px) 100vw, 1030px\" data-rel='gallery-1' data-prev-img='https:\/\/www.seehotel-ichlim.de\/wp-content\/uploads\/2018\/07\/seehotel_ichlim_restaurant01-495x400.jpg' class='first_thumb lightbox ' data-onclick='3' title='seehotel_ichlim_restaurant01'  itemprop=\"thumbnailUrl\"  ><img decoding=\"async\" fetchpriority=\"high\" class=\"wp-image-2787 avia-img-lazy-loading-not-2787\" src=\"https:\/\/www.seehotel-ichlim.de\/wp-content\/uploads\/2018\/07\/seehotel_ichlim_restaurant01-300x200.jpg\" width=\"300\" height=\"200\" title=\"seehotel_ichlim_restaurant01\" alt=\"\" srcset=\"https:\/\/www.seehotel-ichlim.de\/wp-content\/uploads\/2018\/07\/seehotel_ichlim_restaurant01-300x200.jpg 300w, https:\/\/www.seehotel-ichlim.de\/wp-content\/uploads\/2018\/07\/seehotel_ichlim_restaurant01-768x513.jpg 768w, https:\/\/www.seehotel-ichlim.de\/wp-content\/uploads\/2018\/07\/seehotel_ichlim_restaurant01-1030x688.jpg 1030w, https:\/\/www.seehotel-ichlim.de\/wp-content\/uploads\/2018\/07\/seehotel_ichlim_restaurant01-705x471.jpg 705w, https:\/\/www.seehotel-ichlim.de\/wp-content\/uploads\/2018\/07\/seehotel_ichlim_restaurant01-450x300.jpg 450w, https:\/\/www.seehotel-ichlim.de\/wp-content\/uploads\/2018\/07\/seehotel_ichlim_restaurant01.jpg 1200w\" sizes=\"(max-width: 300px) 100vw, 300px\"><div class='big-prev-fake'><img decoding=\"async\" loading=\"lazy\" class=\"wp-image-2787 avia-img-lazy-loading-2787\" width=\"495\" height=\"400\" src=\"https:\/\/www.seehotel-ichlim.de\/wp-content\/uploads\/2018\/07\/seehotel_ichlim_restaurant01-495x400.jpg\" title=\"seehotel_ichlim_restaurant01\" alt=\"\" srcset=\"https:\/\/www.seehotel-ichlim.de\/wp-content\/uploads\/2018\/07\/seehotel_ichlim_restaurant01-495x400.jpg 495w, https:\/\/www.seehotel-ichlim.de\/wp-content\/uploads\/2018\/07\/seehotel_ichlim_restaurant01-845x684.jpg 845w\" sizes=\"auto, (max-width: 495px) 100vw, 495px\"><\/div><\/a><a href=\"https:\/\/www.seehotel-ichlim.de\/wp-content\/uploads\/2018\/07\/seehotel_ichlim_restaurant02-e1536691818132.jpg\" data-rel='gallery-1' data-prev-img='https:\/\/www.seehotel-ichlim.de\/wp-content\/uploads\/2018\/07\/seehotel_ichlim_restaurant02-e1536691818132.jpg' class='lightbox ' data-onclick='4' title='seehotel_ichlim_restaurant_teaser02'  itemprop=\"thumbnailUrl\"  ><img decoding=\"async\" fetchpriority=\"high\" class=\"wp-image-2788 avia-img-lazy-loading-not-2788\" src=\"https:\/\/www.seehotel-ichlim.de\/wp-content\/uploads\/2018\/07\/seehotel_ichlim_restaurant02-e1536691818132.jpg\" width=\"300\" height=\"206\" title=\"seehotel_ichlim_restaurant_teaser02\" alt=\"\"><div class='big-prev-fake'><img decoding=\"async\" loading=\"lazy\" class=\"wp-image-2788 avia-img-lazy-loading-2788\" width=\"495\" height=\"340\" src=\"https:\/\/www.seehotel-ichlim.de\/wp-content\/uploads\/2018\/07\/seehotel_ichlim_restaurant02-e1536691818132.jpg\" title=\"seehotel_ichlim_restaurant_teaser02\" alt=\"\"><\/div><\/a><\/div><\/div><br \/>\n\n<style type=\"text\/css\" data-created_by=\"avia_inline_auto\" id=\"style-css-av-jkv10bfy-7b1d783e09c9fb7e6aef919ec91cf841\">\n#top .hr.hr-invisible.av-jkv10bfy-7b1d783e09c9fb7e6aef919ec91cf841{\nheight:30px;\n}\n<\/style>\n<div  class='hr av-jkv10bfy-7b1d783e09c9fb7e6aef919ec91cf841 hr-invisible  avia-builder-el-7  el_after_av_gallery  el_before_av_buttonrow '><span class='hr-inner '><span class=\"hr-inner-style\"><\/span><\/span><\/div><br \/>\n<div  class='avia-buttonrow-wrap av-jiizrsk6-390f58f6a7027eb7dd7630ecf6ab9b62 avia-buttonrow-left  avia-builder-el-8  el_after_av_hr  avia-builder-el-last '>\n\n<style type=\"text\/css\" data-created_by=\"avia_inline_auto\" id=\"style-css-av-1eskm-8dae3877c9480f647cbfee80d1069d64\">\n#top #wrap_all .avia-button.av-1eskm-8dae3877c9480f647cbfee80d1069d64{\nbackground-color:#f7f7f7;\nborder-color:#f7f7f7;\ncolor:#565656;\ntransition:all 0.4s ease-in-out;\nmargin-bottom:5px;\nmargin-right:5px;\n}\n#top #wrap_all .avia-button.av-1eskm-8dae3877c9480f647cbfee80d1069d64 .avia-svg-icon svg:first-child{\nfill:#565656;\nstroke:#565656;\n}\n<\/style>\n<a href='mailto:seehotel-ichlim@t-online.de?subject=Reserve a table - Tischreservierung'  class='avia-button av-1eskm-8dae3877c9480f647cbfee80d1069d64 avia-icon_select-yes-left-icon avia-size-medium'   aria-label=\"Reserve a table\"><span class='avia_button_icon avia_button_icon_left avia-iconfont avia-font-entypo-fontello' data-av_icon='\ue83b' data-av_iconfont='entypo-fontello' ><\/span><span class='avia_iconbox_title' >Reserve a table<\/span><\/a>\n\n<style type=\"text\/css\" data-created_by=\"avia_inline_auto\" id=\"style-css-av-5wai-7363d8977e853c9e1c0a362c1dfb88a2\">\n#top #wrap_all .avia-button.av-5wai-7363d8977e853c9e1c0a362c1dfb88a2{\nbackground-color:#f7f7f7;\nborder-color:#f7f7f7;\ncolor:#565656;\ntransition:all 0.4s ease-in-out;\nmargin-bottom:5px;\nmargin-right:5px;\n}\n#top #wrap_all .avia-button.av-5wai-7363d8977e853c9e1c0a362c1dfb88a2 .avia-svg-icon svg:first-child{\nfill:#565656;\nstroke:#565656;\n}\n<\/style>\n<a href='mailto:seehotel-ichlim@t-online.de?subject=gift voucher'  class='avia-button av-5wai-7363d8977e853c9e1c0a362c1dfb88a2 avia-icon_select-yes-left-icon avia-size-medium'   aria-label=\"Gift Voucher\"><span class='avia_button_icon avia_button_icon_left avia-iconfont avia-font-entypo-fontello' data-av_icon='\ue8cb' data-av_iconfont='entypo-fontello' ><\/span><span class='avia_iconbox_title' >Gift Voucher<\/span><\/a>\n\n<style type=\"text\/css\" data-created_by=\"avia_inline_auto\" id=\"style-css-av-16hym-975db31bc374f7e5fcdc24aa1e46abc9\">\n#top #wrap_all .avia-button.av-16hym-975db31bc374f7e5fcdc24aa1e46abc9{\nbackground-color:#f4f4f4;\nborder-color:#f4f4f4;\ncolor:#565656;\ntransition:all 0.4s ease-in-out;\nmargin-bottom:5px;\nmargin-right:5px;\n}\n#top #wrap_all .avia-button.av-16hym-975db31bc374f7e5fcdc24aa1e46abc9 .avia-svg-icon svg:first-child{\nfill:#565656;\nstroke:#565656;\n}\n<\/style>\n<a href='https:\/\/www.seehotel-ichlim.de\/wp-content\/uploads\/2020\/11\/Seehotel-Ichlim_Speisekarte_30.10.2020.pdf'  class='avia-button av-16hym-975db31bc374f7e5fcdc24aa1e46abc9 avia-icon_select-yes-left-icon avia-size-small'   aria-label=\"Menu (in german)\"><span class='avia_button_icon avia_button_icon_left avia-iconfont avia-font-entypo-fontello' data-av_icon='\ue84e' data-av_iconfont='entypo-fontello' ><\/span><span class='avia_iconbox_title' >Menu (in german)<\/span><\/a>\n<\/div><\/p><\/div><\/p>\n<\/div><\/div><\/div><!-- close content main div --><\/div><\/div>\n<style type=\"text\/css\" data-created_by=\"avia_inline_auto\" id=\"style-css-av-2r6mi-92b803e0a40d595a7a9267849c80bcaa\">\n.avia-section.av-2r6mi-92b803e0a40d595a7a9267849c80bcaa{\nbackground-repeat:no-repeat;\nbackground-image:url(https:\/\/www.seehotel-ichlim.de\/wp-content\/uploads\/2018\/07\/kulinarik_arrangements_bg01.jpg);\nbackground-position:0% 100%;\nbackground-attachment:scroll;\n}\n<\/style>\n<div id='av_section_1'  class='avia-section av-2r6mi-92b803e0a40d595a7a9267849c80bcaa main_color avia-section-no-padding avia-no-border-styling  avia-builder-el-9  el_after_av_two_fifth  el_before_av_section  av-desktop-hide av-medium-hide av-small-hide av-mini-hide avia-bg-style-scroll container_wrap fullsize'  data-section-bg-repeat='no-repeat'><div class='container av-section-cont-open' ><div class='template-page content  av-content-full alpha units'><div class='post-entry post-entry-type-page post-entry-2989'><div class='entry-content-wrapper clearfix'>\n\n<style type=\"text\/css\" data-created_by=\"avia_inline_auto\" id=\"style-css-av-jjybev5i-d00aa43b5ebb4773b30fe4796b848541\">\n#top .hr.av-jjybev5i-d00aa43b5ebb4773b30fe4796b848541{\nmargin-top:0px;\nmargin-bottom:30px;\n}\n.hr.av-jjybev5i-d00aa43b5ebb4773b30fe4796b848541 .hr-inner{\nwidth:50px;\nborder-color:#7f7f7f;\nmax-width:45%;\n}\n<\/style>\n<div  class='hr av-jjybev5i-d00aa43b5ebb4773b30fe4796b848541 hr-custom  avia-builder-el-10  el_before_av_one_half  avia-builder-el-first  hr-center hr-icon-yes'><span class='hr-inner inner-border-av-border-thin'><span class=\"hr-inner-style\"><\/span><\/span><span class='av-seperator-icon avia-iconfont avia-font-entypo-fontello' data-av_icon='\ue808' data-av_iconfont='entypo-fontello' ><\/span><span class='hr-inner inner-border-av-border-thin'><span class=\"hr-inner-style\"><\/span><\/span><\/div>\n<div class='flex_column_table av-jjyb1msm-6e17e610c77915d755ded215644d5680 sc-av_one_half av-equal-height-column-flextable'>\n<style type=\"text\/css\" data-created_by=\"avia_inline_auto\" id=\"style-css-av-jjyb1msm-6e17e610c77915d755ded215644d5680\">\n.flex_column.av-jjyb1msm-6e17e610c77915d755ded215644d5680{\nborder-radius:0px 0px 0px 0px;\npadding:0px 0px 0px 0px;\n}\n<\/style>\n<div  class='flex_column av-jjyb1msm-6e17e610c77915d755ded215644d5680 av_one_half  avia-builder-el-11  el_after_av_hr  el_before_av_one_half  first flex_column_table_cell av-equal-height-column av-align-middle av-zero-column-padding  '     ><style type=\"text\/css\" data-created_by=\"avia_inline_auto\" id=\"style-css-av-jjybk2s4-bdfe3994486fdb62c33fa36fe0303e51\">\n.avia-image-container.av-jjybk2s4-bdfe3994486fdb62c33fa36fe0303e51 img.avia_image{\nbox-shadow:none;\n}\n.avia-image-container.av-jjybk2s4-bdfe3994486fdb62c33fa36fe0303e51 .av-image-caption-overlay-center{\ncolor:#ffffff;\n}\n<\/style>\n<div  class='avia-image-container av-jjybk2s4-bdfe3994486fdb62c33fa36fe0303e51 av-styling- avia_animated_image av-animated-when-visible-95 left-to-right avia-align-center  avia-builder-el-12  avia-builder-el-no-sibling '   itemprop=\"image\" itemscope=\"itemscope\" itemtype=\"https:\/\/schema.org\/ImageObject\" ><div class=\"avia-image-container-inner\"><div class=\"avia-image-overlay-wrap\"><img decoding=\"async\" fetchpriority=\"high\" class=\"wp-image-2902 avia-img-lazy-loading-not-2902 avia_image \" src=\"https:\/\/www.seehotel-ichlim.de\/wp-content\/uploads\/2019\/01\/KNIEPERKOHL-010_1200x700.jpg\" alt=\"\" title=\"KNIEPERKOHL 010_1200x700\" height=\"669\" width=\"1200\" itemprop=\"thumbnailUrl\" srcset=\"https:\/\/www.seehotel-ichlim.de\/wp-content\/uploads\/2019\/01\/KNIEPERKOHL-010_1200x700.jpg 1200w, https:\/\/www.seehotel-ichlim.de\/wp-content\/uploads\/2019\/01\/KNIEPERKOHL-010_1200x700-300x167.jpg 300w, https:\/\/www.seehotel-ichlim.de\/wp-content\/uploads\/2019\/01\/KNIEPERKOHL-010_1200x700-768x428.jpg 768w, https:\/\/www.seehotel-ichlim.de\/wp-content\/uploads\/2019\/01\/KNIEPERKOHL-010_1200x700-1030x574.jpg 1030w, https:\/\/www.seehotel-ichlim.de\/wp-content\/uploads\/2019\/01\/KNIEPERKOHL-010_1200x700-705x393.jpg 705w, https:\/\/www.seehotel-ichlim.de\/wp-content\/uploads\/2019\/01\/KNIEPERKOHL-010_1200x700-450x251.jpg 450w\" sizes=\"(max-width: 1200px) 100vw, 1200px\"><\/div><\/div><\/div><\/div><div class='av-flex-placeholder'><\/div>\n<style type=\"text\/css\" data-created_by=\"avia_inline_auto\" id=\"style-css-av-15l62-8ba9e624a5edcd80c2abb75bb74b14f7\">\n.flex_column.av-15l62-8ba9e624a5edcd80c2abb75bb74b14f7{\nborder-radius:0px 0px 0px 0px;\npadding:0px 0px 0px 0px;\n}\n<\/style>\n<div  class='flex_column av-15l62-8ba9e624a5edcd80c2abb75bb74b14f7 av_one_half  avia-builder-el-13  el_after_av_one_half  avia-builder-el-last  flex_column_table_cell av-equal-height-column av-align-middle av-zero-column-padding  '     ><p>\n<style type=\"text\/css\" data-created_by=\"avia_inline_auto\" id=\"style-css-av-2wgim-a5a5dd96de09a97f3f33b83d3fb93bf7\">\n#top .av-special-heading.av-2wgim-a5a5dd96de09a97f3f33b83d3fb93bf7{\npadding-bottom:10px;\nfont-size:20px;\n}\nbody .av-special-heading.av-2wgim-a5a5dd96de09a97f3f33b83d3fb93bf7 .av-special-heading-tag .heading-char{\nfont-size:25px;\n}\n#top #wrap_all .av-special-heading.av-2wgim-a5a5dd96de09a97f3f33b83d3fb93bf7 .av-special-heading-tag{\nfont-size:20px;\n}\n.av-special-heading.av-2wgim-a5a5dd96de09a97f3f33b83d3fb93bf7 .av-subheading{\nfont-size:15px;\n}\n\n@media only screen and (min-width: 480px) and (max-width: 767px){ \n#top #wrap_all .av-special-heading.av-2wgim-a5a5dd96de09a97f3f33b83d3fb93bf7 .av-special-heading-tag{\nfont-size:0.8em;\n}\n}\n\n@media only screen and (max-width: 479px){ \n#top #wrap_all .av-special-heading.av-2wgim-a5a5dd96de09a97f3f33b83d3fb93bf7 .av-special-heading-tag{\nfont-size:0.8em;\n}\n}\n<\/style>\n<div  class='av-special-heading av-2wgim-a5a5dd96de09a97f3f33b83d3fb93bf7 av-special-heading-h2 blockquote modern-quote  avia-builder-el-14  el_before_av_textblock  avia-builder-el-first  av-inherit-size'><h2 class='av-special-heading-tag '  itemprop=\"headline\"  >Recommended by the chef<\/h2><div class=\"special-heading-border\"><div class=\"special-heading-inner-border\"><\/div><\/div><\/div><br \/>\n<section  class='av_textblock_section av-jjyb7i90-45a537a5ed8bb6cabb2d087750e7ef6b '   itemscope=\"itemscope\" itemtype=\"https:\/\/schema.org\/CreativeWork\" ><div class='avia_textblock'  itemprop=\"text\" ><p><strong>&#8220;Prignitzer Knieperkohl &amp; Knackwurst&#8221;<\/strong><\/p>\n<p>Winterzeit ist bei uns die Zeit des Kohls. Denn in der Prignitz kommt &#8220;Knieperkohl&#8221; als traditionelles Wintergericht auf den Tisch. Die Sauerkraut\u00e4hnliche Beilage wird aufwendig zubereitet und mit vielen w\u00fcrzigen und kr\u00e4ftigenden Zutaten verfeinert, um sie anschlie\u00dfend in der Pfanne zu schmoren und zu backen. Ein typisches Winteressen zum w\u00e4rmen von innen und wohlig f\u00fchlen, das heute noch in der Region gerne angerichtet wird. Unseren G\u00e4sten empfehlen wir es am liebsten mit Knackwurst, Petersilienkartoffeln und danach einem k\u00fchlen &#8220;K\u00fcmmel&#8221; &#8211; f\u00fcr die geschmackliche Vollendung. Probieren Sie es aus.<\/p>\n<\/div><\/section><\/p><\/div><\/div><!--close column table wrapper. Autoclose: 1 -->\n\n<\/div><\/div><\/div><!-- close content main div --><\/div><\/div>\n<style type=\"text\/css\" data-created_by=\"avia_inline_auto\" id=\"style-css-av-hxfvi5-b6a515563f0d955ad55cb0ed2b91a66b\">\n.avia-section.av-hxfvi5-b6a515563f0d955ad55cb0ed2b91a66b{\nbackground-repeat:no-repeat;\nbackground-image:url(https:\/\/www.seehotel-ichlim.de\/wp-content\/uploads\/2018\/07\/kulinarik_arrangements_bg01.jpg);\nbackground-position:0% 100%;\nbackground-attachment:scroll;\n}\n<\/style>\n<div id='av_section_2'  class='avia-section av-hxfvi5-b6a515563f0d955ad55cb0ed2b91a66b main_color avia-section-no-padding avia-no-border-styling  avia-builder-el-16  el_after_av_section  avia-builder-el-last  avia-bg-style-scroll container_wrap fullsize'  data-section-bg-repeat='no-repeat'><div class='container av-section-cont-open' ><div class='template-page content  av-content-full alpha units'><div class='post-entry post-entry-type-page post-entry-2989'><div class='entry-content-wrapper clearfix'>\n\n<style type=\"text\/css\" data-created_by=\"avia_inline_auto\" id=\"style-css-av-g5npgt-6c2471a67d8cc1a11e6e3f14c2713c2a\">\n#top .hr.av-g5npgt-6c2471a67d8cc1a11e6e3f14c2713c2a{\nmargin-top:0px;\nmargin-bottom:30px;\n}\n.hr.av-g5npgt-6c2471a67d8cc1a11e6e3f14c2713c2a .hr-inner{\nwidth:50px;\nborder-color:#7f7f7f;\nmax-width:45%;\n}\n<\/style>\n<div  class='hr av-g5npgt-6c2471a67d8cc1a11e6e3f14c2713c2a hr-custom  avia-builder-el-17  el_before_av_heading  avia-builder-el-first  hr-center hr-icon-yes'><span class='hr-inner inner-border-av-border-thin'><span class=\"hr-inner-style\"><\/span><\/span><span class='av-seperator-icon avia-iconfont avia-font-entypo-fontello' data-av_icon='\ue808' data-av_iconfont='entypo-fontello' ><\/span><span class='hr-inner inner-border-av-border-thin'><span class=\"hr-inner-style\"><\/span><\/span><\/div>\n\n<style type=\"text\/css\" data-created_by=\"avia_inline_auto\" id=\"style-css-av-e98scd-2995057a873f80ac5335f9c6614a9f53\">\n#top .av-special-heading.av-e98scd-2995057a873f80ac5335f9c6614a9f53{\npadding-bottom:10px;\n}\nbody .av-special-heading.av-e98scd-2995057a873f80ac5335f9c6614a9f53 .av-special-heading-tag .heading-char{\nfont-size:25px;\n}\n.av-special-heading.av-e98scd-2995057a873f80ac5335f9c6614a9f53 .av-subheading{\nfont-size:15px;\n}\n<\/style>\n<div  class='av-special-heading av-e98scd-2995057a873f80ac5335f9c6614a9f53 av-special-heading-h2 blockquote modern-quote modern-centered  avia-builder-el-18  el_after_av_hr  el_before_av_hr '><h2 class='av-special-heading-tag '  itemprop=\"headline\"  >Our arrangements with culinary<\/h2><div class=\"special-heading-border\"><div class=\"special-heading-inner-border\"><\/div><\/div><\/div>\n\n<style type=\"text\/css\" data-created_by=\"avia_inline_auto\" id=\"style-css-av-bvm84d-bae8a046b8e690a2acbe814ee94ca9c4\">\n#top .hr.av-bvm84d-bae8a046b8e690a2acbe814ee94ca9c4{\nmargin-top:0px;\nmargin-bottom:20px;\n}\n.hr.av-bvm84d-bae8a046b8e690a2acbe814ee94ca9c4 .hr-inner{\nwidth:50px;\nborder-color:#a0a0a0;\n}\n<\/style>\n<div  class='hr av-bvm84d-bae8a046b8e690a2acbe814ee94ca9c4 hr-custom  avia-builder-el-19  el_after_av_heading  el_before_av_one_third  hr-center hr-icon-no'><span class='hr-inner inner-border-av-border-fat'><span class=\"hr-inner-style\"><\/span><\/span><\/div>\n\n<style type=\"text\/css\" data-created_by=\"avia_inline_auto\" id=\"style-css-av-b7y8tp-3d9ff8b6a6ac9a725376de1a3e9f3fb1\">\n.flex_column.av-b7y8tp-3d9ff8b6a6ac9a725376de1a3e9f3fb1{\nborder-radius:0px 0px 0px 0px;\npadding:0px 0px 0px 0px;\n}\n<\/style>\n<div  class='flex_column av-b7y8tp-3d9ff8b6a6ac9a725376de1a3e9f3fb1 av_one_third  avia-builder-el-20  el_after_av_hr  el_before_av_two_third  first flex_column_div av-zero-column-padding  '     ><\/div>\n<style type=\"text\/css\" data-created_by=\"avia_inline_auto\" id=\"style-css-av-8jcvn1-50c8f6b3d713e000300c52e0f9d099c1\">\n.flex_column.av-8jcvn1-50c8f6b3d713e000300c52e0f9d099c1{\nborder-radius:0px 0px 0px 0px;\npadding:0px 0px 0px 0px;\n}\n<\/style>\n<div  class='flex_column av-8jcvn1-50c8f6b3d713e000300c52e0f9d099c1 av_two_third  avia-builder-el-21  el_after_av_one_third  el_before_av_hr  flex_column_div av-zero-column-padding  '     ><div  class='avia-icon-list-container av-s0alp-a5212f99313494dd6a1fb43cd73770e3  avia-builder-el-22  avia-builder-el-no-sibling '><ul class='avia-icon-list avia_animate_when_almost_visible avia-icon-list-left av-iconlist-small av-s0alp-a5212f99313494dd6a1fb43cd73770e3 avia-iconlist-animate'>\n<li><div class='iconlist_icon av-5egnwt-98eb34297a77f9eda54bc26539ab8790 avia-font-entypo-fontello avia-iconfont avia-font-entypo-fontello'><span class='av-icon-char' data-av_icon='\ue879' data-av_iconfont='entypo-fontello' aria-hidden=\"true\"><\/span><\/div><article class=\"article-icon-entry \"  itemscope=\"itemscope\" itemtype=\"https:\/\/schema.org\/CreativeWork\" ><div class=\"iconlist_content_wrap\"><header class=\"entry-content-header\" aria-label=\"Icon: Hiking weekend with game dinner and dance\"><div class='av_iconlist_title iconlist_title_small  '  itemprop=\"headline\" >Hiking weekend with game dinner and dance<\/div><\/header><div class='iconlist_content '  itemprop=\"text\" ><p>Only available from October to March. Please connect with us for reservation. &gt;&gt; <a href=\"https:\/\/www.seehotel-ichlim.de\/en\/booking-request\/\" target=\"_blank\" rel=\"noopener\">Booking request<\/a><\/p>\n<\/div><\/div><footer class=\"entry-footer\"><\/footer><\/article><div class=\"iconlist-timeline\"><\/div><\/li>\n<li><a href='https:\/\/www.seehotel-ichlim.de\/herbst-winter-wild-wandern\/' title='Explorer week with mushroom tasting and boat trip'  target=\"_blank\"  rel=\"noopener noreferrer\" class='iconlist_icon av-3ouast-fac08094bd88a0f27761fc5f0ecb26a6 avia-font-entypo-fontello avia-iconfont avia-font-entypo-fontello'><span class='av-icon-char' data-av_icon='\ue879' data-av_iconfont='entypo-fontello' aria-hidden=\"true\"><\/span><\/a><article class=\"article-icon-entry \"  itemscope=\"itemscope\" itemtype=\"https:\/\/schema.org\/CreativeWork\" ><div class=\"iconlist_content_wrap\"><header class=\"entry-content-header\" aria-label=\"Icon: &lt;a href=&#039;https:\/\/www.seehotel-ichlim.de\/herbst-winter-wild-wandern\/&#039; title=&#039;Explorer week with mushroom tasting and boat trip&#039; target=&quot;_blank&quot;  rel=&quot;noopener noreferrer&quot;&gt;Explorer week with mushroom tasting and boat trip&lt;\/a&gt;\"><div class='av_iconlist_title iconlist_title_small  '  itemprop=\"headline\" ><a href='https:\/\/www.seehotel-ichlim.de\/herbst-winter-wild-wandern\/' title='Explorer week with mushroom tasting and boat trip' target=\"_blank\"  rel=\"noopener noreferrer\">Explorer week with mushroom tasting and boat trip<\/a><\/div><\/header><div class='iconlist_content '  itemprop=\"text\" ><p>Please connect with us for reservation. &gt;&gt; <a href=\"https:\/\/www.seehotel-ichlim.de\/en\/booking-request\/\" target=\"_blank\" rel=\"noopener\">Booking request<\/a><\/p>\n<\/div><\/div><footer class=\"entry-footer\"><\/footer><\/article><div class=\"iconlist-timeline\"><\/div><\/li>\n<\/ul><\/div><\/div>\n<style type=\"text\/css\" data-created_by=\"avia_inline_auto\" id=\"style-css-av-2ciz25-2a28cf87db30c8dc8c7769dc3ca450ea\">\n#top .hr.hr-invisible.av-2ciz25-2a28cf87db30c8dc8c7769dc3ca450ea{\nheight:50px;\n}\n<\/style>\n<div  class='hr av-2ciz25-2a28cf87db30c8dc8c7769dc3ca450ea hr-invisible  avia-builder-el-23  el_after_av_two_third  avia-builder-el-last '><span class='hr-inner '><span class=\"hr-inner-style\"><\/span><\/span><\/div>\n\n","protected":false},"excerpt":{"rendered":"","protected":false},"author":1,"featured_media":0,"parent":0,"menu_order":35,"comment_status":"closed","ping_status":"closed","template":"","meta":{"footnotes":""},"class_list":["post-2989","page","type-page","status-publish","hentry"],"publishpress_future_workflow_manual_trigger":{"enabledWorkflows":[]},"_links":{"self":[{"href":"https:\/\/www.seehotel-ichlim.de\/en\/wp-json\/wp\/v2\/pages\/2989","targetHints":{"allow":["GET"]}}],"collection":[{"href":"https:\/\/www.seehotel-ichlim.de\/en\/wp-json\/wp\/v2\/pages"}],"about":[{"href":"https:\/\/www.seehotel-ichlim.de\/en\/wp-json\/wp\/v2\/types\/page"}],"author":[{"embeddable":true,"href":"https:\/\/www.seehotel-ichlim.de\/en\/wp-json\/wp\/v2\/users\/1"}],"replies":[{"embeddable":true,"href":"https:\/\/www.seehotel-ichlim.de\/en\/wp-json\/wp\/v2\/comments?post=2989"}],"version-history":[{"count":5,"href":"https:\/\/www.seehotel-ichlim.de\/en\/wp-json\/wp\/v2\/pages\/2989\/revisions"}],"predecessor-version":[{"id":3319,"href":"https:\/\/www.seehotel-ichlim.de\/en\/wp-json\/wp\/v2\/pages\/2989\/revisions\/3319"}],"wp:attachment":[{"href":"https:\/\/www.seehotel-ichlim.de\/en\/wp-json\/wp\/v2\/media?parent=2989"}],"curies":[{"name":"wp","href":"https:\/\/api.w.org\/{rel}","templated":true}]}}